{"id":426,"date":"2016-03-28T08:42:51","date_gmt":"2016-03-28T08:42:51","guid":{"rendered":"https:\/\/cloudforestcoffee.ca\/?page_id=426"},"modified":"2025-05-19T17:39:02","modified_gmt":"2025-05-19T17:39:02","slug":"home","status":"publish","type":"page","link":"https:\/\/cloudforestcoffee.ca\/fr\/","title":{"rendered":"Accueil 2"},"content":{"rendered":"<!--themify_builder_content-->\n<div id=\"themify_builder_content-426\" data-postid=\"426\" class=\"themify_builder_content themify_builder_content-426 themify_builder tf_clear\">\n                    <div  data-css_id=\"ssa2398\" data-lazy=\"1\" class=\"module_row themify_builder_row fullheight fullwidth tb_ssa2398 tb_first tf_w\">\n            <span  class=\"builder_row_cover tf_abs\" data-lazy=\"1\"><\/span>            <div class=\"row_inner col_align_top gutter-none tb_col_count_2 tf_box tf_rel\">\n                        <div  data-lazy=\"1\" class=\"module_column tb-column col4-2 tb_1g23401 first\">\n        <span  class=\"builder_row_cover tf_abs\" data-lazy=\"1\"><\/span>            <!-- module fancy heading -->\n<div  class=\"module module-fancy-heading tb_tgx1401  tb_hide_divider wow\" data-tf-animation=\"fadeIn\" data-lazy=\"1\">\n        <h1 class=\"fancy-heading tf_textc translation-block\">CAF\u00c9<br>\nAVEC UN<br>\nMISSION<br><\/h1>\n<\/div>\n<!-- \/module fancy heading -->\n<!-- module image -->\n<div  class=\"module module-image tb_2xgi402 image-center   tf_mw\" data-lazy=\"1\">\n        <div class=\"image-wrap tf_rel tf_mw\">\n            <img loading=\"lazy\" decoding=\"async\" src=\"https:\/\/cloudforestcoffee.ca\/wp-content\/uploads\/2021\/04\/coffee-bean-divider-300x21.png\" width=\"300\" height=\"21\" class=\"wp-post-image wp-image-2004\" title=\"diviseur de grains de caf\u00e9\" alt=\"coffee-bean-divider\">    \n        <\/div>\n    <!-- \/image-wrap -->\n    \n        <\/div>\n<!-- \/module image --><!-- module buttons -->\n<div  class=\"module module-buttons tb_ik07402 buttons-horizontal outline  small rounded\" data-lazy=\"1\">\n        <div class=\"module-buttons-item tf_in_flx\">\n                        <a href=\"\/fr\/our-mission\/\" class=\"ui builder_button tf_in_flx tb_default_color\" >\n                                                Notre histoire                                        <\/a>\n                <\/div>\n                    <div class=\"module-buttons-item tf_in_flx\">\n                        <a href=\"\/fr\/shop\/\" class=\"ui builder_button tf_in_flx tb_default_color\" >\n                                                Commandez                                        <\/a>\n                <\/div>\n            <\/div>\n<!-- \/module buttons -->\n        <\/div>\n                    <div  data-lazy=\"1\" class=\"module_column tb-column col4-2 tb_c6cs402 last\">\n        <span  class=\"builder_row_cover tf_abs\" data-lazy=\"1\"><\/span>                    <\/div>\n                        <\/div>\n        <\/div>\n                        <div  data-css_id=\"bd64398\" data-lazy=\"1\" class=\"module_row themify_builder_row fullwidth tb_bd64398 tf_w\">\n                        <div class=\"row_inner col_align_top gutter-none col_auto_height tb_col_count_2 tf_box tf_rel\">\n                        <div  data-lazy=\"1\" class=\"module_column tb-column col4-2 tb_42lm404 first\">\n        <span  class=\"builder_row_cover tf_abs\" data-lazy=\"1\"><\/span>            <!-- module fancy heading -->\n<div  class=\"module module-fancy-heading tb_zrga404  tb_hide_divider\" data-lazy=\"1\">\n        <h3 class=\"fancy-heading tf_textc\">\n    <span class=\"main-head tf_block\">\n                    Magasin en ligne            <\/span>\n\n    \n    <span class=\"sub-head tf_block tf_rel\">\n                    Le r\u00f4ti avec le plus!            <\/span>\n    <\/h3>\n<\/div>\n<!-- \/module fancy heading -->\n<!-- module image -->\n<div  class=\"module module-image tb_fux5404 image-center   tf_mw\" data-lazy=\"1\">\n        <div class=\"image-wrap tf_rel tf_mw\">\n            <img loading=\"lazy\" decoding=\"async\" src=\"https:\/\/cloudforestcoffee.ca\/wp-content\/uploads\/2021\/04\/coffee-bean-divider-300x21.png\" width=\"300\" height=\"21\" class=\"wp-post-image wp-image-2004\" title=\"diviseur de grains de caf\u00e9\" alt=\"coffee-bean-divider\">    \n        <\/div>\n    <!-- \/image-wrap -->\n    \n        <\/div>\n<!-- \/module image --><!-- module buttons -->\n<div  class=\"module module-buttons tb_vn76404 buttons-horizontal outline  large rounded\" data-lazy=\"1\">\n        <div class=\"module-buttons-item tf_in_flx\">\n                        <a href=\"\/fr\/shop\/\" class=\"ui builder_button tf_in_flx tb_default_color\" >\n                                                Nos offres                                        <\/a>\n                <\/div>\n            <\/div>\n<!-- \/module buttons -->\n        <\/div>\n                    <div  data-lazy=\"1\" class=\"module_column tb-column col4-2 tb_f7x4405 last\">\n        <span  class=\"builder_row_cover tf_abs\" data-lazy=\"1\"><\/span>                    <\/div>\n                        <\/div>\n        <\/div>\n                        <div  data-anchor=\"our-story\" data-css_id=\"sfob399\" data-lazy=\"1\" class=\"module_row themify_builder_row fullwidth tb_has_section tb_section-our-story tb_sfob399 tf_w\">\n                        <div class=\"row_inner col_align_top gutter-none tb_col_count_2 tf_box tf_rel\">\n                        <div  data-lazy=\"1\" class=\"module_column tb-column col4-2 tb_6ng5405 first\">\n                            <div  data-lazy=\"1\" class=\"module_subrow themify_builder_sub_row tf_w col_align_top tb_col_count_3 tb_i4nv406\">\n                <div  data-lazy=\"1\" class=\"module_column sub_column col4-1 tb_unnk408 first\">\n                            <\/div>\n                    <div  data-lazy=\"1\" class=\"module_column sub_column col4-2 tb_bn38408\">\n                    <!-- module text -->\n<div  class=\"module module-text tb_hs62901\" data-lazy=\"1\">\n        <div  class=\"tb_text_wrap\">\n        <h1 class=\"translation-block\">Le caf\u00e9 fait la diff\u00e9rence<\/h1>    <\/div>\n<\/div>\n<!-- \/module text --><!-- module image -->\n<div  class=\"module module-image tb_ot3c408 image-center   tf_mw\" data-lazy=\"1\">\n        <div class=\"image-wrap tf_rel tf_mw\">\n            <img loading=\"lazy\" decoding=\"async\" src=\"https:\/\/cloudforestcoffee.ca\/wp-content\/uploads\/2021\/04\/coffee-bean-divider-300x21.png\" width=\"300\" height=\"21\" class=\"wp-post-image wp-image-2004\" title=\"diviseur de grains de caf\u00e9\" alt=\"coffee-bean-divider\">    \n        <\/div>\n    <!-- \/image-wrap -->\n    \n        <\/div>\n<!-- \/module image --><!-- module text -->\n<div  class=\"module module-text tb_q3cg409\" data-lazy=\"1\">\n        <div  class=\"tb_text_wrap\">\n        <h3 style=\"text-align: center;\" class=\"translation-block\">Les b\u00e9n\u00e9fices des ventes de Caf\u00e9 CloudForest<br> ont aid\u00e9 \u00e0 construire une \u00e9cole en \u00c9quateur!<\/h3>    <\/div>\n<\/div>\n<!-- \/module text --><!-- module text -->\n<div  class=\"module module-text tb_4trw409\" data-lazy=\"1\">\n        <div  class=\"tb_text_wrap\">\n        <p><span>Cultiv\u00e9 dans une vall\u00e9e de for\u00eat nuageuse nich\u00e9e sur les pentes occidentales des Andes \u00e9quatoriennes, le caf\u00e9 CloudForest a un go\u00fbt et une histoire totalement uniques. Les ventes de ce caf\u00e9 aident \u00e0 soutenir une communaut\u00e9 d'agriculteurs qui r\u00e9sistent aux soci\u00e9t\u00e9s mini\u00e8res depuis plus de 20 ans!<\/span><\/p>    <\/div>\n<\/div>\n<!-- \/module text --><!-- module buttons -->\n<div  class=\"module module-buttons tb_c03h409 buttons-horizontal outline  large rounded\" data-lazy=\"1\">\n        <div class=\"module-buttons-item tf_in_flx\">\n                        <a href=\"\/fr\/our-mission\/\" class=\"ui builder_button tf_in_flx tb_default_color\" >\n                                                Notre histoire                                        <\/a>\n                <\/div>\n            <\/div>\n<!-- \/module buttons -->\n        <\/div>\n                    <div  data-lazy=\"1\" class=\"module_column sub_column col4-1 tb_v6es409 last\">\n                            <\/div>\n                    <\/div>\n                <\/div>\n                    <div  data-lazy=\"1\" class=\"module_column tb-column col4-2 tb_qjd7410 last\">\n        <span  class=\"builder_row_cover tf_abs\" data-lazy=\"1\"><\/span>                    <\/div>\n                        <\/div>\n        <\/div>\n                        <div  data-anchor=\"cafe\" data-css_id=\"qw33399\" data-lazy=\"1\" class=\"module_row themify_builder_row fullwidth tb_has_section tb_section-cafe tb_qw33399 tf_w\">\n                        <div class=\"row_inner col_align_top gutter-none tb_col_count_2 tf_box tf_rel\">\n                        <div  data-lazy=\"1\" class=\"module_column tb-column col4-2 tb_1tbs410 first\">\n        <span  class=\"builder_row_cover tf_abs\" data-lazy=\"1\"><\/span>            <!-- module fancy heading -->\n<div  class=\"module module-fancy-heading tb_kevr410  tb_hide_divider\" data-lazy=\"1\">\n        <h3 class=\"fancy-heading tf_textc\">\n    <span class=\"main-head tf_block\">\n                    Caf\u00e9 Westboro            <\/span>\n\n    \n    <span class=\"sub-head tf_block tf_rel\">\n                    339 Rue Richmond <br>K2A 0E7, Ottawa            <\/span>\n    <\/h3>\n<\/div>\n<!-- \/module fancy heading -->\n<!-- module image -->\n<div  class=\"module module-image tb_6ayi411 image-center   tf_mw\" data-lazy=\"1\">\n        <div class=\"image-wrap tf_rel tf_mw\">\n            <img loading=\"lazy\" decoding=\"async\" src=\"https:\/\/cloudforestcoffee.ca\/wp-content\/uploads\/2021\/04\/coffee-bean-divider-300x21.png\" width=\"300\" height=\"21\" class=\"wp-post-image wp-image-2004\" title=\"diviseur de grains de caf\u00e9\" alt=\"coffee-bean-divider\">    \n        <\/div>\n    <!-- \/image-wrap -->\n    \n        <\/div>\n<!-- \/module image -->        <div  data-lazy=\"1\" class=\"module_subrow themify_builder_sub_row tf_w col_align_top tb_col_count_1 tb_fyab411\">\n                <div  data-lazy=\"1\" class=\"module_column sub_column col-full tb_0agn411 first\">\n                    <!-- module text -->\n<div  class=\"module module-text tb_lx17411\" data-lazy=\"1\">\n        <div  class=\"tb_text_wrap\">\n        <h3 style=\"text-align: center;\">Heures d'ouverture<\/h3>\n<p style=\"text-align: center;\">Lun \u2013 Ven : 8h \u2013 17h<br>Sam \u2013 Dim : 9h \u2013 16h<\/p>    <\/div>\n<\/div>\n<!-- \/module text -->        <\/div>\n                    <\/div>\n                <\/div>\n                    <div  data-lazy=\"1\" class=\"module_column tb-column col4-2 tb_4jml412 last\">\n        <span  class=\"builder_row_cover tf_abs\" data-lazy=\"1\"><\/span>            <!-- module fancy heading -->\n<div  class=\"module module-fancy-heading tb_viw2412  tb_hide_divider\" data-lazy=\"1\">\n        <h3 class=\"fancy-heading tf_textc\">\n    <span class=\"main-head tf_block\">\n                    Caf\u00e9 Hull            <\/span>\n\n    \n    <span class=\"sub-head tf_block tf_rel\">\n                    63 Rue Eddy <br> J8X 2W1, Gatineau            <\/span>\n    <\/h3>\n<\/div>\n<!-- \/module fancy heading -->\n<!-- module image -->\n<div  class=\"module module-image tb_2yws413 image-center   tf_mw\" data-lazy=\"1\">\n        <div class=\"image-wrap tf_rel tf_mw\">\n            <img loading=\"lazy\" decoding=\"async\" src=\"https:\/\/cloudforestcoffee.ca\/wp-content\/uploads\/2021\/04\/coffee-bean-divider-300x21.png\" width=\"300\" height=\"21\" class=\"wp-post-image wp-image-2004\" title=\"diviseur de grains de caf\u00e9\" alt=\"coffee-bean-divider\">    \n        <\/div>\n    <!-- \/image-wrap -->\n    \n        <\/div>\n<!-- \/module image -->        <div  data-lazy=\"1\" class=\"module_subrow themify_builder_sub_row tf_w col_align_top tb_col_count_1 tb_87ev414\">\n                <div  data-lazy=\"1\" class=\"module_column sub_column col-full tb_7goh414 first\">\n                    <!-- module text -->\n<div  class=\"module module-text tb_7p5h317\" data-lazy=\"1\">\n        <div  class=\"tb_text_wrap\">\n        <h3>Heures d'ouverture<\/h3>\n<p>Lun \u2013 Ven : 8h \u2013 17h<br>Sam : 8h30 \u2013 18h<br>Dim : 8h30 \u2013 17h<\/p>    <\/div>\n<\/div>\n<!-- \/module text -->        <\/div>\n                    <\/div>\n                <\/div>\n                        <\/div>\n        <\/div>\n                        <div  data-css_id=\"pt6d399\" data-lazy=\"1\" class=\"module_row themify_builder_row fullwidth tb_pt6d399 tf_w\">\n            <span  class=\"builder_row_cover tf_abs\" data-lazy=\"1\"><\/span>            <div class=\"row_inner col_align_top gutter-none tb_col_count_2 tf_box tf_rel\">\n                        <div  data-lazy=\"1\" class=\"module_column tb-column col4-2 tb_aj1u415 first\">\n        <span  class=\"builder_row_cover tf_abs\" data-lazy=\"1\"><\/span>            <!-- module fancy heading -->\n<div  class=\"module module-fancy-heading tb_wm6e415  tb_hide_divider\" data-lazy=\"1\">\n        <h3 class=\"fancy-heading tf_textc\">\n    <span class=\"main-head tf_block\">\n                    Gardez-le local!            <\/span>\n\n    \n    <span class=\"sub-head tf_block tf_rel\">\n                    Reste en contact            <\/span>\n    <\/h3>\n<\/div>\n<!-- \/module fancy heading -->\n<!-- module image -->\n<div  class=\"module module-image tb_j7ns415 image-center   tf_mw\" data-lazy=\"1\">\n        <div class=\"image-wrap tf_rel tf_mw\">\n            <img loading=\"lazy\" decoding=\"async\" src=\"https:\/\/cloudforestcoffee.ca\/wp-content\/uploads\/2021\/04\/coffee-bean-divider-300x21.png\" width=\"300\" height=\"21\" class=\"wp-post-image wp-image-2004\" title=\"diviseur de grains de caf\u00e9\" alt=\"coffee-bean-divider\">    \n        <\/div>\n    <!-- \/image-wrap -->\n    \n        <\/div>\n<!-- \/module image --><!-- module text -->\n<div  class=\"module module-text tb_rz24415\" data-lazy=\"1\">\n        <div  class=\"tb_text_wrap\">\n        <p style=\"text-align: center;\" class=\"translation-block\">Nous aimons entendre nos amis et nos fans. <br>Suivez-nous sur Instagram et rejoignez-nous dans notre voyage\u00a0!<\/p>    <\/div>\n<\/div>\n<!-- \/module text --><!-- module icon -->\n<div  class=\"module module-icon tb_t1ns416  small none icon_horizontal tf_textc\" data-lazy=\"1\">\n\t\t\t<div class=\"module-icon-item\">\n\t\t\t\t\t\t\t<a href=\"https:\/\/www.instagram.com\/cloudforestcoffee\">\n\t\t\t\t\t\t\t\t\t\t\t\t\t\t\t\t\t<em class=\"tf_boxtb_default_color\"\n\t\t\t\t\t\t\t\t\t\t\t\t\t\t\t\t\t><svg  class=\"tf_fa tf-fab-instagram\" aria-hidden=\"true\"><use href=\"#tf-fab-instagram\"><\/use><\/svg><\/em>\n\t\t\t\t\t\t\t\t\t\t\t\t\t\t\t\t\t\t\t<span>@cloudforestcoffee<\/span>\n\t\t\t\t\t\t\t\t\t\t\t\t\t\t\t\t\t<\/a>\n\t\t\t\t\t<\/div>\n\t\t\t<div class=\"module-icon-item\">\n\t\t\t\t\t\t\t<a href=\"tel:+16137009748\">\n\t\t\t\t\t\t\t\t\t\t\t\t\t\t\t\t\t<em class=\"tf_boxtb_default_color\"\n\t\t\t\t\t\t\t\t\t\t\t\t\t\t\t\t\t><svg  class=\"tf_fa tf-fas-phone\" aria-hidden=\"true\"><use href=\"#tf-fas-phone\"><\/use><\/svg><\/em>\n\t\t\t\t\t\t\t\t\t\t\t\t\t\t\t\t\t\t\t<span>(613) 700 9748<\/span>\n\t\t\t\t\t\t\t\t\t\t\t\t\t\t\t\t\t<\/a>\n\t\t\t\t\t<\/div>\n\t\t\t<div class=\"module-icon-item\">\n\t\t\t\t\t\t\t<a href=\"mailto:francisbueckert@gmail.com\">\n\t\t\t\t\t\t\t\t\t\t\t\t\t\t\t\t\t<em class=\"tf_boxtb_default_color\"\n\t\t\t\t\t\t\t\t\t\t\t\t\t\t\t\t\t><svg  class=\"tf_fa tf-ti-email\" aria-hidden=\"true\"><use href=\"#tf-ti-email\"><\/use><\/svg><\/em>\n\t\t\t\t\t\t\t\t\t\t\t\t\t\t\t\t\t\t\t<span>Courriel<\/span>\n\t\t\t\t\t\t\t\t\t\t\t\t\t\t\t\t\t<\/a>\n\t\t\t\t\t<\/div>\n\t<\/div>\n<!-- \/module icon -->\n        <\/div>\n                    <div  data-lazy=\"1\" class=\"module_column tb-column col4-2 tb_g8wl416 last\">\n        <span  class=\"builder_row_cover tf_abs\" data-lazy=\"1\"><\/span>                    <\/div>\n                        <\/div>\n        <\/div>\n        <\/div>\n<!--\/themify_builder_content-->","protected":false},"excerpt":{"rendered":"<p class=\"translation-block\">Le caf\u00e9 fait la diff\u00e9rence<\/p>","protected":false},"author":1,"featured_media":0,"parent":0,"menu_order":0,"comment_status":"closed","ping_status":"closed","template":"","meta":{"footnotes":""},"class_list":["post-426","page","type-page","status-publish","hentry","has-post-title","has-post-date","has-post-category","has-post-tag","has-post-comment","has-post-author",""],"yoast_head":"<!-- This site is optimized with the Yoast SEO plugin v26.5 - https:\/\/yoast.com\/wordpress\/plugins\/seo\/ -->\n<title>Ethically Sourced | Direct Trade | Order Online | CloudForest Coffee<\/title>\n<meta name=\"description\" content=\"CloudForest Coffee is based in Ottawa, and our Roastery is in Hull, Quebec. We import coffee from a beautiful valley in Guatemala.\" \/>\n<meta name=\"robots\" content=\"index, follow, max-snippet:-1, max-image-preview:large, max-video-preview:-1\" \/>\n<link rel=\"canonical\" href=\"https:\/\/cloudforestcoffee.ca\/fr\/\" \/>\n<meta property=\"og:locale\" content=\"fr_CA\" \/>\n<meta property=\"og:type\" content=\"article\" \/>\n<meta property=\"og:title\" content=\"Ethically Sourced | Direct Trade | Order Online | CloudForest Coffee\" \/>\n<meta property=\"og:description\" content=\"CloudForest Coffee is based in Ottawa, and our Roastery is in Hull, Quebec. We import coffee from a beautiful valley in Guatemala.\" \/>\n<meta property=\"og:url\" content=\"https:\/\/cloudforestcoffee.ca\/fr\/\" \/>\n<meta property=\"og:site_name\" content=\"Cloud Forest Coffee\" \/>\n<meta property=\"article:modified_time\" content=\"2025-05-19T17:39:02+00:00\" \/>\n<meta property=\"og:image\" content=\"https:\/\/cloudforestcoffee.ca\/wp-content\/uploads\/2021\/04\/coffee-bean-divider-300x21.png\" \/>\n<meta name=\"twitter:card\" content=\"summary_large_image\" \/>\n<meta name=\"twitter:label1\" content=\"Estimation du temps de lecture\" \/>\n\t<meta name=\"twitter:data1\" content=\"2 minutes\" \/>\n<script type=\"application\/ld+json\" class=\"yoast-schema-graph\">{\"@context\":\"https:\/\/schema.org\",\"@graph\":[{\"@type\":\"WebPage\",\"@id\":\"https:\/\/cloudforestcoffee.ca\/\",\"url\":\"https:\/\/cloudforestcoffee.ca\/\",\"name\":\"Ethically Sourced | Direct Trade | Order Online | CloudForest Coffee\",\"isPartOf\":{\"@id\":\"https:\/\/cloudforestcoffee.ca\/#website\"},\"primaryImageOfPage\":{\"@id\":\"https:\/\/cloudforestcoffee.ca\/#primaryimage\"},\"image\":{\"@id\":\"https:\/\/cloudforestcoffee.ca\/#primaryimage\"},\"thumbnailUrl\":\"https:\/\/cloudforestcoffee.ca\/wp-content\/uploads\/2021\/04\/coffee-bean-divider-300x21.png\",\"datePublished\":\"2016-03-28T08:42:51+00:00\",\"dateModified\":\"2025-05-19T17:39:02+00:00\",\"description\":\"CloudForest Coffee is based in Ottawa, and our Roastery is in Hull, Quebec. We import coffee from a beautiful valley in Guatemala.\",\"breadcrumb\":{\"@id\":\"https:\/\/cloudforestcoffee.ca\/#breadcrumb\"},\"inLanguage\":\"fr-CA\",\"potentialAction\":[{\"@type\":\"ReadAction\",\"target\":[\"https:\/\/cloudforestcoffee.ca\/\"]}]},{\"@type\":\"ImageObject\",\"inLanguage\":\"fr-CA\",\"@id\":\"https:\/\/cloudforestcoffee.ca\/#primaryimage\",\"url\":\"https:\/\/cloudforestcoffee.ca\/wp-content\/uploads\/2021\/04\/coffee-bean-divider-300x21.png\",\"contentUrl\":\"https:\/\/cloudforestcoffee.ca\/wp-content\/uploads\/2021\/04\/coffee-bean-divider-300x21.png\"},{\"@type\":\"BreadcrumbList\",\"@id\":\"https:\/\/cloudforestcoffee.ca\/#breadcrumb\",\"itemListElement\":[{\"@type\":\"ListItem\",\"position\":1,\"name\":\"Home\",\"item\":\"https:\/\/cloudforestcoffee.ca\/\"},{\"@type\":\"ListItem\",\"position\":2,\"name\":\"Home 2\"}]},{\"@type\":\"WebSite\",\"@id\":\"https:\/\/cloudforestcoffee.ca\/#website\",\"url\":\"https:\/\/cloudforestcoffee.ca\/\",\"name\":\"Cloud Forest Coffee\",\"description\":\"Home\",\"publisher\":{\"@id\":\"https:\/\/cloudforestcoffee.ca\/#organization\"},\"potentialAction\":[{\"@type\":\"SearchAction\",\"target\":{\"@type\":\"EntryPoint\",\"urlTemplate\":\"https:\/\/cloudforestcoffee.ca\/?s={search_term_string}\"},\"query-input\":{\"@type\":\"PropertyValueSpecification\",\"valueRequired\":true,\"valueName\":\"search_term_string\"}}],\"inLanguage\":\"fr-CA\"},{\"@type\":\"Organization\",\"@id\":\"https:\/\/cloudforestcoffee.ca\/#organization\",\"name\":\"CloudForest Coffee\",\"url\":\"https:\/\/cloudforestcoffee.ca\/\",\"logo\":{\"@type\":\"ImageObject\",\"inLanguage\":\"fr-CA\",\"@id\":\"https:\/\/cloudforestcoffee.ca\/#\/schema\/logo\/image\/\",\"url\":\"https:\/\/cloudforestcoffee.ca\/wp-content\/uploads\/2021\/04\/CLOUD-FOREST-BLACK-1.png\",\"contentUrl\":\"https:\/\/cloudforestcoffee.ca\/wp-content\/uploads\/2021\/04\/CLOUD-FOREST-BLACK-1.png\",\"width\":4556,\"height\":890,\"caption\":\"CloudForest Coffee\"},\"image\":{\"@id\":\"https:\/\/cloudforestcoffee.ca\/#\/schema\/logo\/image\/\"}}]}<\/script>\n<!-- \/ Yoast SEO plugin. -->","yoast_head_json":{"title":"Approvisionnement \u00e9thique | Commerce direct | Commander en ligne | Caf\u00e9 CloudForest","description":"CloudForest Coffee est bas\u00e9e \u00e0 Ottawa et notre torr\u00e9faction se trouve \u00e0 Hull, au Qu\u00e9bec. Nous importons du caf\u00e9 d&#039;une magnifique vall\u00e9e du Guatemala.","robots":{"index":"index","follow":"follow","max-snippet":"max-snippet:-1","max-image-preview":"max-image-preview:large","max-video-preview":"max-video-preview:-1"},"canonical":"https:\/\/cloudforestcoffee.ca\/fr\/","og_locale":"fr_CA","og_type":"article","og_title":"Ethically Sourced | Direct Trade | Order Online | CloudForest Coffee","og_description":"CloudForest Coffee is based in Ottawa, and our Roastery is in Hull, Quebec. We import coffee from a beautiful valley in Guatemala.","og_url":"https:\/\/cloudforestcoffee.ca\/fr\/","og_site_name":"Cloud Forest Coffee","article_modified_time":"2025-05-19T17:39:02+00:00","og_image":[{"url":"https:\/\/cloudforestcoffee.ca\/wp-content\/uploads\/2021\/04\/coffee-bean-divider-300x21.png","type":"","width":"","height":""}],"twitter_card":"summary_large_image","twitter_misc":{"Estimation du temps de lecture":"2 minutes"},"schema":{"@context":"https:\/\/schema.org","@graph":[{"@type":"WebPage","@id":"https:\/\/cloudforestcoffee.ca\/","url":"https:\/\/cloudforestcoffee.ca\/","name":"Approvisionnement \u00e9thique | Commerce direct | Commander en ligne | Caf\u00e9 CloudForest","isPartOf":{"@id":"https:\/\/cloudforestcoffee.ca\/#website"},"primaryImageOfPage":{"@id":"https:\/\/cloudforestcoffee.ca\/#primaryimage"},"image":{"@id":"https:\/\/cloudforestcoffee.ca\/#primaryimage"},"thumbnailUrl":"https:\/\/cloudforestcoffee.ca\/wp-content\/uploads\/2021\/04\/coffee-bean-divider-300x21.png","datePublished":"2016-03-28T08:42:51+00:00","dateModified":"2025-05-19T17:39:02+00:00","description":"CloudForest Coffee est bas\u00e9e \u00e0 Ottawa et notre torr\u00e9faction se trouve \u00e0 Hull, au Qu\u00e9bec. Nous importons du caf\u00e9 d&#039;une magnifique vall\u00e9e du Guatemala.","breadcrumb":{"@id":"https:\/\/cloudforestcoffee.ca\/#breadcrumb"},"inLanguage":"fr-CA","potentialAction":[{"@type":"ReadAction","target":["https:\/\/cloudforestcoffee.ca\/"]}]},{"@type":"ImageObject","inLanguage":"fr-CA","@id":"https:\/\/cloudforestcoffee.ca\/#primaryimage","url":"https:\/\/cloudforestcoffee.ca\/wp-content\/uploads\/2021\/04\/coffee-bean-divider-300x21.png","contentUrl":"https:\/\/cloudforestcoffee.ca\/wp-content\/uploads\/2021\/04\/coffee-bean-divider-300x21.png"},{"@type":"BreadcrumbList","@id":"https:\/\/cloudforestcoffee.ca\/#breadcrumb","itemListElement":[{"@type":"ListItem","position":1,"name":"Home","item":"https:\/\/cloudforestcoffee.ca\/"},{"@type":"ListItem","position":2,"name":"Home 2"}]},{"@type":"WebSite","@id":"https:\/\/cloudforestcoffee.ca\/#website","url":"https:\/\/cloudforestcoffee.ca\/","name":"Caf\u00e9 CloudForest","description":"Maison","publisher":{"@id":"https:\/\/cloudforestcoffee.ca\/#organization"},"potentialAction":[{"@type":"SearchAction","target":{"@type":"EntryPoint","urlTemplate":"https:\/\/cloudforestcoffee.ca\/?s={search_term_string}"},"query-input":{"@type":"PropertyValueSpecification","valueRequired":true,"valueName":"search_term_string"}}],"inLanguage":"fr-CA"},{"@type":"Organization","@id":"https:\/\/cloudforestcoffee.ca\/#organization","name":"Caf\u00e9 CloudForest","url":"https:\/\/cloudforestcoffee.ca\/","logo":{"@type":"ImageObject","inLanguage":"fr-CA","@id":"https:\/\/cloudforestcoffee.ca\/#\/schema\/logo\/image\/","url":"https:\/\/cloudforestcoffee.ca\/wp-content\/uploads\/2021\/04\/CLOUD-FOREST-BLACK-1.png","contentUrl":"https:\/\/cloudforestcoffee.ca\/wp-content\/uploads\/2021\/04\/CLOUD-FOREST-BLACK-1.png","width":4556,"height":890,"caption":"CloudForest Coffee"},"image":{"@id":"https:\/\/cloudforestcoffee.ca\/#\/schema\/logo\/image\/"}}]}},"builder_content":"<h1><br\/>COFFEE <BR> WITH A <BR> MISSION<\/h1>\n<img src=\"https:\/\/cloudforestcoffee.ca\/wp-content\/uploads\/2021\/04\/coffee-bean-divider-300x21.png\" width=\"300\" height=\"21\" title=\"coffee-bean-divider\" alt=\"coffee-bean-divider\">\n<a href=\"\/our-mission\" > Our Story <\/a> <a href=\"\/shop\" > Order Now <\/a>\n<h3>Shop Online<br\/>The roast with the most!<\/h3>\n<img src=\"https:\/\/cloudforestcoffee.ca\/wp-content\/uploads\/2021\/04\/coffee-bean-divider-300x21.png\" width=\"300\" height=\"21\" title=\"coffee-bean-divider\" alt=\"coffee-bean-divider\">\n<a href=\"\/shop\" > Shop our selection <\/a>\n<h1><em>Coffee makes <\/em><br \/><em>a difference<\/em><\/h1>\n<img src=\"https:\/\/cloudforestcoffee.ca\/wp-content\/uploads\/2021\/04\/coffee-bean-divider-300x21.png\" width=\"300\" height=\"21\" title=\"coffee-bean-divider\" alt=\"coffee-bean-divider\">\n<h3 style=\"text-align: center;\">Profits from CloudForest Coffee<br \/>sales helped build a school in Ecuador!<\/h3>\n<p>Grown in a cloud forest valley nestled in the western slopes of the Ecuadorian Andes, CloudForest Coffee has a totally unique taste and story. Sales from this coffee help support a community of farmers' who have been resisting mining companies for over 20 years!<\/p>\n<a href=\"\/our-mission\" > Our Story <\/a>\n<h3>Westboro Caf\u00e9<br\/>339 Richmond Road, <br>K2A 0E7, Ottawa<\/h3>\n<img src=\"https:\/\/cloudforestcoffee.ca\/wp-content\/uploads\/2021\/04\/coffee-bean-divider-300x21.png\" width=\"300\" height=\"21\" title=\"coffee-bean-divider\" alt=\"coffee-bean-divider\">\n<h3 style=\"text-align: center;\">Hours of Operation<\/h3> <p style=\"text-align: center;\">Mon - Fri: 8 - 5PM<br>Sat - Sun: 9 - 4PM<\/p>\n<h3>Hull Caf\u00e9<br\/>63 Eddy Street, <br> J8X 2W1, Gatineau<\/h3>\n<img src=\"https:\/\/cloudforestcoffee.ca\/wp-content\/uploads\/2021\/04\/coffee-bean-divider-300x21.png\" width=\"300\" height=\"21\" title=\"coffee-bean-divider\" alt=\"coffee-bean-divider\">\n<h3>Hours of Operation<\/h3> <p>Mon - Fri: 8 - 5PM<br>Sat: 8:30 - 6PM<br>Sun: 8:30 - 5PM<\/p>\n<h3>Keep it Local<br\/>Stay in touch<\/h3>\n<img src=\"https:\/\/cloudforestcoffee.ca\/wp-content\/uploads\/2021\/04\/coffee-bean-divider-300x21.png\" width=\"300\" height=\"21\" title=\"coffee-bean-divider\" alt=\"coffee-bean-divider\">\n<p style=\"text-align: center;\">We love hearing from our friends and fans.\u00a0<br \/>Follow us on Instagram and join us on our journey!<\/p>\n<a href=\"https:\/\/www.instagram.com\/cloudforestcoffee\"> <em ><svg aria-hidden=\"true\"><use href=\"#tf-fab-instagram\"><\/use><\/svg><\/em> @cloudforestcoffee <\/a> <a href=\"tel:+16137009748\"> <em ><svg aria-hidden=\"true\"><use href=\"#tf-fas-phone\"><\/use><\/svg><\/em> (613) 700 9748 <\/a> <a href=\"mailto:francisbueckert@gmail.com\"> <em ><svg aria-hidden=\"true\"><use href=\"#tf-ti-email\"><\/use><\/svg><\/em> Email Us! <\/a>","_links":{"self":[{"href":"https:\/\/cloudforestcoffee.ca\/fr\/wp-json\/wp\/v2\/pages\/426","targetHints":{"allow":["GET"]}}],"collection":[{"href":"https:\/\/cloudforestcoffee.ca\/fr\/wp-json\/wp\/v2\/pages"}],"about":[{"href":"https:\/\/cloudforestcoffee.ca\/fr\/wp-json\/wp\/v2\/types\/page"}],"author":[{"embeddable":true,"href":"https:\/\/cloudforestcoffee.ca\/fr\/wp-json\/wp\/v2\/users\/1"}],"replies":[{"embeddable":true,"href":"https:\/\/cloudforestcoffee.ca\/fr\/wp-json\/wp\/v2\/comments?post=426"}],"version-history":[{"count":26,"href":"https:\/\/cloudforestcoffee.ca\/fr\/wp-json\/wp\/v2\/pages\/426\/revisions"}],"predecessor-version":[{"id":3438,"href":"https:\/\/cloudforestcoffee.ca\/fr\/wp-json\/wp\/v2\/pages\/426\/revisions\/3438"}],"wp:attachment":[{"href":"https:\/\/cloudforestcoffee.ca\/fr\/wp-json\/wp\/v2\/media?parent=426"}],"curies":[{"name":"wp","href":"https:\/\/api.w.org\/{rel}","templated":true}]}}